{"id":2,"date":"2015-03-20T15:41:39","date_gmt":"2015-03-20T15:41:39","guid":{"rendered":"http:\/\/www.albertomorais.com.br\/site\/?page_id=2"},"modified":"2015-04-04T23:22:55","modified_gmt":"2015-04-04T23:22:55","slug":"cirurgia-palpebras","status":"publish","type":"page","link":"https:\/\/albertomorais.com.br\/site\/cirurgia-palpebras\/","title":{"rendered":"Cirurgia das P\u00e1lpebras"},"content":{"rendered":"<p><div class=\"et_pb_section et_pb_fullwidth_section header et_section_regular\" style='background-color:#ffffff;background-image:url(http:\/\/www.albertomorais.com.br\/site\/wp-content\/uploads\/2015\/03\/bg_content.png);'>\r\n\t\t\t\r\n\t\t\t\r\n\t\t\t\t\r\n\t\t\t\t<section class=\"et_pb_fullwidth_header et_pb_bg_layout_light et_pb_text_align_left\">\r\n\t\t\t<div class=\"et_pb_row\">\r\n\t\t\t\t<h1>Cirurgia das P\u00e1lpebras (blefaroplastia)<\/h1>\r\n\t\t\t\t\r\n\t\t\t<\/div>\r\n\t\t<\/section>\r\n\t\t\t\r\n\t\t<\/div> <!-- .et_pb_section --><div class=\"et_pb_section et_section_regular\">\r\n\t\t\t\r\n\t\t\t\r\n\t\t\t\t\r\n\t\t\t\t<div class=\"et_pb_row\">\r\n\t\t\t<div class=\"et_pb_column et_pb_column_1_2\">\r\n\t\t\t<div class=\"et_pb_text et_pb_bg_layout_light et_pb_text_align_left\">\r\n\t\t\t\n<p>Fatores como: idade, textura da pele, dist\u00farbios da acuidade visual, problemas\u00a0emocionais, etc., poder\u00e3o deixar como consequ\u00eancia sua marca nas p\u00e1lpebras. Quando\u00a0voc\u00ea \u00e9 examinado (a) pelo cirurgi\u00e3o pl\u00e1stico, este estar\u00e1 fazendo uma an\u00e1lise profunda,\u00a0para intervir somente naqueles setores que possam se beneficiar com a cirurgia.<\/p>\n<p>Muitas vezes o problema das p\u00e1lpebras ocorre devido a fatores cl\u00ednicos (olheiras,\u00a0edemas, etc.), n\u00e3o sendo indicada a cirurgia. Outras vezes, os problemas cl\u00ednicos est\u00e3o\u00a0associados ao cir\u00fargico e, mesmo que se opere devidamente as p\u00e1lpebras, ainda assim\u00a0persistir\u00e1 um percentual da queixa original, decorrente do dist\u00farbio cl\u00ednico associado.<\/p>\n\r\n\t\t<\/div> <!-- .et_pb_text -->\r\n\t\t<\/div> <!-- .et_pb_column --><div class=\"et_pb_column et_pb_column_1_2\">\r\n\t\t\t<div class=\"et_pb_text et_pb_bg_layout_light et_pb_text_align_left\">\r\n\t\t\t\n<p>A cirurgia pl\u00e1stica das p\u00e1lpebras corrige apenas os excessos de pele, gordura e flacidez\u00a0muscular do territ\u00f3rio palpebral, podendo em certos casos, melhorar o aspecto funcional\u00a0al\u00e9m de est\u00e9tico. N\u00e3o dever\u00e1, entretanto acarretar qualquer preju\u00edzo funcional das\u00a0p\u00e1lpebras.<\/p>\n<p>&nbsp;<\/p>\n<h3>As perguntas mais comuns quanto a esta cirurgia s\u00e3o:<\/h3>\n\r\n\t\t<\/div> <!-- .et_pb_text -->\r\n\t\t<\/div> <!-- .et_pb_column -->\r\n\t\t<\/div> <!-- .et_pb_row --><div class=\"et_pb_row\">\r\n\t\t\t<div class=\"et_pb_column et_pb_column_1_2\">\r\n\t\t\t<div class=\"et_pb_blurb et_pb_bg_layout_light et_pb_text_align_left et_pb_blurb_position_left\">\r\n\t\t\t<div class=\"et_pb_blurb_content\">\r\n\t\t\t\t<div class=\"et_pb_main_blurb_image\"><span class=\"et-pb-icon et-waypoint et_pb_animation_top et-pb-icon-circle\" style=\"color: #ffffff; background-color: #053759;\">u<\/span><\/div>\r\n\t\t\t\t<h4>EXISTE UMA IDADE IDEAL PARA SE OPERAR AS P\u00c1LPEBRAS?<\/h4>\r\n\t\t\t\t\n<p>N\u00e3o existe uma idade ideal, mas sim, a oportunidade ideal. Essa oportunidade \u00e9\u00a0determinada pela presen\u00e7a do defeito a ser corrigido e geralmente ocorre ap\u00f3s a\u00a0terceira d\u00e9cada.<\/p>\n\r\n\t\t\t<\/div> <!-- .et_pb_blurb_content -->\r\n\t\t<\/div> <!-- .et_pb_blurb --><div class=\"et_pb_blurb et_pb_bg_layout_light et_pb_text_align_left et_pb_blurb_position_left\">\r\n\t\t\t<div class=\"et_pb_blurb_content\">\r\n\t\t\t\t<div class=\"et_pb_main_blurb_image\"><span class=\"et-pb-icon et-waypoint et_pb_animation_top et-pb-icon-circle\" style=\"color: #ffffff; background-color: #053759;\">u<\/span><\/div>\r\n\t\t\t\t<h4>AS CICATRIZES S\u00c3O VIS\u00cdVEIS? ONDE SE LOCALIZAM?<\/h4>\r\n\t\t\t\t\n<p>Sendo a pele das p\u00e1lpebras de espessura muito fina, as cicatrizes tendem a ficar\u00a0praticamente disfar\u00e7adas nos sulcos da pele. Para tanto, deve ser aguardado o per\u00edodo\u00a0de matura\u00e7\u00e3o da cicatriz (3 meses). Pela sua localiza\u00e7\u00e3o s\u00e3o pass\u00edveis de serem\u00a0disfar\u00e7adas com uma maquiagem leve, desde os primeiros dias.<\/p>\n\r\n\t\t\t<\/div> <!-- .et_pb_blurb_content -->\r\n\t\t<\/div> <!-- .et_pb_blurb --><div class=\"et_pb_blurb et_pb_bg_layout_light et_pb_text_align_left et_pb_blurb_position_left\">\r\n\t\t\t<div class=\"et_pb_blurb_content\">\r\n\t\t\t\t<div class=\"et_pb_main_blurb_image\"><span class=\"et-pb-icon et-waypoint et_pb_animation_top et-pb-icon-circle\" style=\"color: #ffffff; background-color: #053759;\">u<\/span><\/div>\r\n\t\t\t\t<h4>QUAL O TIPO DE ANESTESIA?<\/h4>\r\n\t\t\t\t\n<p>Pela extens\u00e3o da cirurgia e boa qualidade dos anest\u00e9sicos, a maioria dos casos \u00e9\u00a0operada sob anestesia local (em alguns casos, com uma seda\u00e7\u00e3o pr\u00e9via). Dependendo\u00a0da vontade do paciente, poder\u00e3o ser feitas sob anestesia geral. Reserva-se esta \u00faltima\u00a0conduta para os casos em que clinicamente est\u00e1 contraindicada a anestesia local ou\u00a0mesmo, quando a blefaroplastia esteja sendo feita simultaneamente a outras cirurgias.<\/p>\n\r\n\t\t\t<\/div> <!-- .et_pb_blurb_content -->\r\n\t\t<\/div> <!-- .et_pb_blurb --><div class=\"et_pb_blurb et_pb_bg_layout_light et_pb_text_align_left et_pb_blurb_position_left\">\r\n\t\t\t<div class=\"et_pb_blurb_content\">\r\n\t\t\t\t<div class=\"et_pb_main_blurb_image\"><span class=\"et-pb-icon et-waypoint et_pb_animation_top et-pb-icon-circle\" style=\"color: #ffffff; background-color: #053759;\">u<\/span><\/div>\r\n\t\t\t\t<h4>H\u00c1 DOR NO P\u00d3S-OPERAT\u00d3RIO?<\/h4>\r\n\t\t\t\t\n<p>Geralmente n\u00e3o. Mesmo que ocorra uma sensibilidade maior ou pequenos surtos\u00a0de dor, estes poder\u00e3o ser perfeitamente abolidos com o uso de analg\u00e9sicos comuns.\u00a0Seu m\u00e9dico lhe prescrever\u00e1 aquele mais indicado. N\u00e3o se automedique.<\/p>\n\r\n\t\t\t<\/div> <!-- .et_pb_blurb_content -->\r\n\t\t<\/div> <!-- .et_pb_blurb --><div class=\"et_pb_blurb et_pb_bg_layout_light et_pb_text_align_left et_pb_blurb_position_left\">\r\n\t\t\t<div class=\"et_pb_blurb_content\">\r\n\t\t\t\t<div class=\"et_pb_main_blurb_image\"><span class=\"et-pb-icon et-waypoint et_pb_animation_top et-pb-icon-circle\" style=\"color: #ffffff; background-color: #053759;\">u<\/span><\/div>\r\n\t\t\t\t<h4>OS OLHOS FICAM MUITO INCHADOS? POR QUANTO TEMPO?<\/h4>\r\n\t\t\t\t\n<p>O edema (incha\u00e7o) dos olhos varia de paciente para paciente. Existem aqueles (as)\u00a0que j\u00e1 no 4\u00ba ou 5\u00ba dia apresentam-se com um aspecto bastante natural. Outros existem\u00a0que ir\u00e3o atingir este resultado ap\u00f3s o 8\u00ba dia. Mesmo assim, os 3 primeiros dias do p\u00f3s-operat\u00f3rio s\u00e3o aqueles em que existem maior \u201cincha\u00e7o\u201d das p\u00e1lpebras. O uso de \u00f3culos\u00a0escuros poder\u00e1 ser \u00fatil nesta fase, assim como a utiliza\u00e7\u00e3o de compressas frias diminui\u00a0a intensidade do edema. Somente ap\u00f3s o 3\u00ba m\u00eas \u00e9 que poderemos dizer que o edema\u00a0residual \u00e9 discreto.<\/p>\n\r\n\t\t\t<\/div> <!-- .et_pb_blurb_content -->\r\n\t\t<\/div> <!-- .et_pb_blurb --><div class=\"et_pb_blurb et_pb_bg_layout_light et_pb_text_align_left et_pb_blurb_position_left\">\r\n\t\t\t<div class=\"et_pb_blurb_content\">\r\n\t\t\t\t<div class=\"et_pb_main_blurb_image\"><span class=\"et-pb-icon et-waypoint et_pb_animation_top et-pb-icon-circle\" style=\"color: #ffffff; background-color: #053759;\">u<\/span><\/div>\r\n\t\t\t\t<h4>QUAL O PER\u00cdODO DE INTERNA\u00c7\u00c3O?<\/h4>\r\n\t\t\t\t\n<p>Anestesia local: de 2 a 4horas.<\/p>\n\r\n\t\t\t<\/div> <!-- .et_pb_blurb_content -->\r\n\t\t<\/div> <!-- .et_pb_blurb -->\r\n\t\t<\/div> <!-- .et_pb_column --><div class=\"et_pb_column et_pb_column_1_2\">\r\n\t\t\t<div class=\"et_pb_blurb et_pb_bg_layout_light et_pb_text_align_left et_pb_blurb_position_left\">\r\n\t\t\t<div class=\"et_pb_blurb_content\">\r\n\t\t\t\t<div class=\"et_pb_main_blurb_image\"><span class=\"et-pb-icon et-waypoint et_pb_animation_top et-pb-icon-circle\" style=\"color: #ffffff; background-color: #053759;\">u<\/span><\/div>\r\n\t\t\t\t<h4>QUANTO TEMPO DURA A CIRURGIA?<\/h4>\r\n\t\t\t\t\n<p>Normalmente, em torno de 90 minutos. Dependendo do caso, existem detalhes que\u00a0podem prolongar este tempo.<\/p>\n\r\n\t\t\t<\/div> <!-- .et_pb_blurb_content -->\r\n\t\t<\/div> <!-- .et_pb_blurb --><div class=\"et_pb_blurb et_pb_bg_layout_light et_pb_text_align_left et_pb_blurb_position_left\">\r\n\t\t\t<div class=\"et_pb_blurb_content\">\r\n\t\t\t\t<div class=\"et_pb_main_blurb_image\"><span class=\"et-pb-icon et-waypoint et_pb_animation_top et-pb-icon-circle\" style=\"color: #ffffff; background-color: #053759;\">u<\/span><\/div>\r\n\t\t\t\t<h4>O QUE S\u00c3O AS MANHAS ROXAS OU AVERMELHADAS OBSERVADOS EM CERTOS CASOS?<\/h4>\r\n\t\t\t\t\n<p>Nada mais s\u00e3o do que a infiltra\u00e7\u00e3o do sangue na pele subjacente, e mesmo na\u00a0conjuntiva ocular; s\u00e3o devidas ao pr\u00f3prio trauma cir\u00fargico. Isto, entretanto, n\u00e3o constitui\u00a0qualquer problema futuro e n\u00e3o \u00e9 considerado como complica\u00e7\u00e3o, mas sim, uma\u00a0intercorr\u00eancia transit\u00f3ria e revers\u00edvel.<\/p>\n\r\n\t\t\t<\/div> <!-- .et_pb_blurb_content -->\r\n\t\t<\/div> <!-- .et_pb_blurb --><div class=\"et_pb_blurb et_pb_bg_layout_light et_pb_text_align_left et_pb_blurb_position_left\">\r\n\t\t\t<div class=\"et_pb_blurb_content\">\r\n\t\t\t\t<div class=\"et_pb_main_blurb_image\"><span class=\"et-pb-icon et-waypoint et_pb_animation_top et-pb-icon-circle\" style=\"color: #ffffff; background-color: #053759;\">u<\/span><\/div>\r\n\t\t\t\t<h4>QUANDO ATINGIREI O RESULTADO DEFINITIVO?<\/h4>\r\n\t\t\t\t\n<p>Ap\u00f3s o 3o. m\u00eas. Entretanto, logo ap\u00f3s o 8\u00ba dia j\u00e1 teremos aproximadamente 25%\u00a0do resultado almejado, sendo que nas 2 ou 3 semanas subsequentes esse percentual\u00a0tende a melhorar acentuadamente.<\/p>\n\r\n\t\t\t<\/div> <!-- .et_pb_blurb_content -->\r\n\t\t<\/div> <!-- .et_pb_blurb --><div class=\"et_pb_blurb et_pb_bg_layout_light et_pb_text_align_left et_pb_blurb_position_left\">\r\n\t\t\t<div class=\"et_pb_blurb_content\">\r\n\t\t\t\t<div class=\"et_pb_main_blurb_image\"><span class=\"et-pb-icon et-waypoint et_pb_animation_top et-pb-icon-circle\" style=\"color: #ffffff; background-color: #053759;\">u<\/span><\/div>\r\n\t\t\t\t<h4>OS OLHOS FICAR\u00c3O OCLU\u00cdDOS AP\u00d3S A CIRURGIA?<\/h4>\r\n\t\t\t\t\n<p>N\u00e3o obrigatoriamente. Podem ser recomendadas a coloca\u00e7\u00e3o de compressas frias\u00a0por alguns minutos, v\u00e1rias vezes ao dia, ato este controlado pelo(a) pr\u00f3prio(a) paciente,\u00a0como profilaxia do edema acentuado. Alguns cirurgi\u00f5es, entretanto, preferem a oclus\u00e3o\u00a0dos olhos no p\u00f3s-operat\u00f3rio.<\/p>\n\r\n\t\t\t<\/div> <!-- .et_pb_blurb_content -->\r\n\t\t<\/div> <!-- .et_pb_blurb --><div class=\"et_pb_blurb et_pb_bg_layout_light et_pb_text_align_left et_pb_blurb_position_left\">\r\n\t\t\t<div class=\"et_pb_blurb_content\">\r\n\t\t\t\t<div class=\"et_pb_main_blurb_image\"><span class=\"et-pb-icon et-waypoint et_pb_animation_top et-pb-icon-circle\" style=\"color: #ffffff; background-color: #053759;\">u<\/span><\/div>\r\n\t\t\t\t<h4>AFINAL, O RESULTADO COMPENSA?<\/h4>\r\n\t\t\t\t\n<p>Se voc\u00ea est\u00e1 ciente do que deseja e o cirurgi\u00e3o puder lhe propiciar aquilo que voc\u00ea\u00a0pediu, sem d\u00favida compensa. Entretanto, \u00e9 importante levar em considera\u00e7\u00e3o o fato de\u00a0que a cirurgia das p\u00e1lpebras n\u00e3o proporciona rejuvenescimento geral \u00e0 face, quando\u00a0executada isoladamente. Muitas pacientes esperam este resultado (rejuvenescimento)\u00a0apenas com a blefaroplastia. O cirurgi\u00e3o pl\u00e1stico apenas melhorar\u00e1 esse territ\u00f3rio\u00a0prejudicado pelos defeitos est\u00e9ticos a\u00ed pr\u00e9-existentes. O rejuvenescimento da face\u00a0implica em outras condutas associadas \u00e0 blefaroplastia. Os \u201cp\u00e9s de galinha\u201d, mesmo\u00a0que devidamente operados, nunca desaparecer\u00e3o, ficando ainda o estigma, devido \u00e0\u00a0a\u00e7\u00e3o do m\u00fasculo orbicular e \u00e0 perda da elasticidade da pele remanescente.<\/p>\n<p>FONTE: Sociedade Brasileira de Cirurgia Pl\u00e1stica \u2013 SBCP.<\/p>\n\r\n\t\t\t<\/div> <!-- .et_pb_blurb_content -->\r\n\t\t<\/div> <!-- .et_pb_blurb --><img decoding=\"async\" src=\"http:\/\/www.albertomorais.com.br\/site\/wp-content\/uploads\/2015\/03\/img4.jpg\" alt=\"\" class=\"et-waypoint et_pb_image et_pb_animation_left\" \/>\r\n\t\t<\/div> <!-- .et_pb_column -->\r\n\t\t<\/div> <!-- .et_pb_row -->\r\n\t\t\t\r\n\t\t<\/div> <!-- .et_pb_section --><\/p>\n","protected":false},"excerpt":{"rendered":"","protected":false},"author":1,"featured_media":0,"parent":0,"menu_order":0,"comment_status":"open","ping_status":"closed","template":"","meta":{"_exactmetrics_skip_tracking":false,"_exactmetrics_sitenote_active":false,"_exactmetrics_sitenote_note":"","_exactmetrics_sitenote_category":0,"footnotes":""},"class_list":["post-2","page","type-page","status-publish","hentry"],"aioseo_notices":[],"_links":{"self":[{"href":"https:\/\/albertomorais.com.br\/site\/wp-json\/wp\/v2\/pages\/2","targetHints":{"allow":["GET"]}}],"collection":[{"href":"https:\/\/albertomorais.com.br\/site\/wp-json\/wp\/v2\/pages"}],"about":[{"href":"https:\/\/albertomorais.com.br\/site\/wp-json\/wp\/v2\/types\/page"}],"author":[{"embeddable":true,"href":"https:\/\/albertomorais.com.br\/site\/wp-json\/wp\/v2\/users\/1"}],"replies":[{"embeddable":true,"href":"https:\/\/albertomorais.com.br\/site\/wp-json\/wp\/v2\/comments?post=2"}],"version-history":[{"count":23,"href":"https:\/\/albertomorais.com.br\/site\/wp-json\/wp\/v2\/pages\/2\/revisions"}],"predecessor-version":[{"id":227,"href":"https:\/\/albertomorais.com.br\/site\/wp-json\/wp\/v2\/pages\/2\/revisions\/227"}],"wp:attachment":[{"href":"https:\/\/albertomorais.com.br\/site\/wp-json\/wp\/v2\/media?parent=2"}],"curies":[{"name":"wp","href":"https:\/\/api.w.org\/{rel}","templated":true}]}}